{"id":40,"date":"2023-10-07T19:29:23","date_gmt":"2023-10-07T17:29:23","guid":{"rendered":"http:\/\/212.236.20.45\/?page_id=40"},"modified":"2023-10-16T18:42:42","modified_gmt":"2023-10-16T16:42:42","slug":"firmennews","status":"publish","type":"page","link":"http:\/\/www.deroesterreichischefriseur.at\/?page_id=40","title":{"rendered":"Firmennews"},"content":{"rendered":"\t\t<div data-elementor-type=\"wp-page\" data-elementor-id=\"40\" class=\"elementor elementor-40\" data-elementor-post-type=\"page\">\n\t\t\t\t\t\t<section class=\"elementor-section elementor-top-section elementor-element elementor-element-71d5451 elementor-section-boxed elementor-section-height-default elementor-section-height-default\" data-id=\"71d5451\" data-element_type=\"section\" data-e-type=\"section\">\n\t\t\t\t\t\t<div class=\"elementor-container elementor-column-gap-default\">\n\t\t\t\t\t<div class=\"elementor-column elementor-col-100 elementor-top-column elementor-element elementor-element-621e7e9\" data-id=\"621e7e9\" data-element_type=\"column\" data-e-type=\"column\">\n\t\t\t<div class=\"elementor-widget-wrap elementor-element-populated\">\n\t\t\t\t\t\t<div class=\"elementor-element elementor-element-6335eab elementor-grid-3 elementor-grid-tablet-2 elementor-grid-mobile-1 elementor-posts--thumbnail-top elementor-card-shadow-yes elementor-posts__hover-gradient elementor-widget elementor-widget-posts\" data-id=\"6335eab\" data-element_type=\"widget\" data-e-type=\"widget\" data-settings=\"{&quot;cards_columns&quot;:&quot;3&quot;,&quot;cards_columns_tablet&quot;:&quot;2&quot;,&quot;cards_columns_mobile&quot;:&quot;1&quot;,&quot;cards_row_gap&quot;:{&quot;unit&quot;:&quot;px&quot;,&quot;size&quot;:35,&quot;sizes&quot;:[]},&quot;cards_row_gap_tablet&quot;:{&quot;unit&quot;:&quot;px&quot;,&quot;size&quot;:&quot;&quot;,&quot;sizes&quot;:[]},&quot;cards_row_gap_mobile&quot;:{&quot;unit&quot;:&quot;px&quot;,&quot;size&quot;:&quot;&quot;,&quot;sizes&quot;:[]}}\" data-widget_type=\"posts.cards\">\n\t\t\t\t<div class=\"elementor-widget-container\">\n\t\t\t\t\t\t\t<div class=\"elementor-posts-container elementor-posts elementor-posts--skin-cards elementor-grid\" role=\"list\">\n\t\t\t\t<article class=\"elementor-post elementor-grid-item post-1938 post type-post status-publish format-standard has-post-thumbnail hentry category-firmennews category-uncategorized\" role=\"listitem\">\n\t\t\t<div class=\"elementor-post__card\">\n\t\t\t\t<a class=\"elementor-post__thumbnail__link\" href=\"http:\/\/www.deroesterreichischefriseur.at\/?p=1938\" tabindex=\"-1\" ><div class=\"elementor-post__thumbnail\"><img fetchpriority=\"high\" decoding=\"async\" width=\"200\" height=\"300\" src=\"http:\/\/www.deroesterreichischefriseur.at\/wp-content\/uploads\/2024\/11\/Wella_Professionals_Color_Fresh_Mask_Pink_Visual_04-200x300.jpg\" class=\"attachment-medium size-medium wp-image-1954\" alt=\"\" srcset=\"http:\/\/www.deroesterreichischefriseur.at\/wp-content\/uploads\/2024\/11\/Wella_Professionals_Color_Fresh_Mask_Pink_Visual_04-200x300.jpg 200w, http:\/\/www.deroesterreichischefriseur.at\/wp-content\/uploads\/2024\/11\/Wella_Professionals_Color_Fresh_Mask_Pink_Visual_04-683x1024.jpg 683w, http:\/\/www.deroesterreichischefriseur.at\/wp-content\/uploads\/2024\/11\/Wella_Professionals_Color_Fresh_Mask_Pink_Visual_04-768x1151.jpg 768w, http:\/\/www.deroesterreichischefriseur.at\/wp-content\/uploads\/2024\/11\/Wella_Professionals_Color_Fresh_Mask_Pink_Visual_04-1025x1536.jpg 1025w\" sizes=\"(max-width: 200px) 100vw, 200px\" \/><\/div><\/a>\n\t\t\t\t<div class=\"elementor-post__badge\">Firmennews<\/div>\n\t\t\t\t<div class=\"elementor-post__text\">\n\t\t\t\t<h3 class=\"elementor-post__title\">\n\t\t\t<a href=\"http:\/\/www.deroesterreichischefriseur.at\/?p=1938\" >\n\t\t\t\tWELLA PROFESSIONALS &#8211; NEUEN COLOR FRESH MASKS\t\t\t<\/a>\n\t\t<\/h3>\n\t\t\t\t<div class=\"elementor-post__excerpt\">\n\t\t\t<p>Wella Professionals setzt ein pinkes Statement und pr\u00e4sentiert die neusten Nuancen der beliebten Color Fresh Mask Kollektion: Pink und Pink Blush. Diese lebendigen Farben greifen den aktuellen Trend zu mutigen, ausdrucksstarken Haarfarben auf und sind ab sofort erh\u00e4ltlich. Mit der<\/p>\n\t\t<\/div>\n\t\t\n\t\t<a class=\"elementor-post__read-more\" href=\"http:\/\/www.deroesterreichischefriseur.at\/?p=1938\" aria-label=\"Read more about WELLA PROFESSIONALS &#8211; NEUEN COLOR FRESH MASKS\" tabindex=\"-1\" >\n\t\t\tRead More \u00bb\t\t<\/a>\n\n\t\t\t\t<\/div>\n\t\t\t\t<div class=\"elementor-post__meta-data\">\n\t\t\t\t\t<span class=\"elementor-post-date\">\n\t\t\t26. November 2024\t\t<\/span>\n\t\t\t\t<\/div>\n\t\t\t\t\t<\/div>\n\t\t<\/article>\n\t\t\t\t<article class=\"elementor-post elementor-grid-item post-1947 post type-post status-publish format-standard has-post-thumbnail hentry category-firmennews category-uncategorized\" role=\"listitem\">\n\t\t\t<div class=\"elementor-post__card\">\n\t\t\t\t<a class=\"elementor-post__thumbnail__link\" href=\"http:\/\/www.deroesterreichischefriseur.at\/?p=1947\" tabindex=\"-1\" ><div class=\"elementor-post__thumbnail\"><img decoding=\"async\" width=\"225\" height=\"300\" src=\"http:\/\/www.deroesterreichischefriseur.at\/wp-content\/uploads\/2024\/11\/Nioxin_Anti_Hair_Loss_Shampoo_Visual_02.jpg\" class=\"attachment-medium size-medium wp-image-1941\" alt=\"\" \/><\/div><\/a>\n\t\t\t\t<div class=\"elementor-post__badge\">Firmennews<\/div>\n\t\t\t\t<div class=\"elementor-post__text\">\n\t\t\t\t<h3 class=\"elementor-post__title\">\n\t\t\t<a href=\"http:\/\/www.deroesterreichischefriseur.at\/?p=1947\" >\n\t\t\t\tNIOXIN &#8211; SHAMPOO GEGEN HAARAUSFALL\t\t\t<\/a>\n\t\t<\/h3>\n\t\t\t\t<div class=\"elementor-post__excerpt\">\n\t\t\t<p>Selbstgemischte Rosmarin-Seren, die in den sozialen Medien viral gehen, aufwendige OPs oder wundervollbringende Superfoods: Um kaum ein Haarthema ranken sich so viele Mythen wie um Haarausfall. Nioxin, die fu\u0308hrende Salonmarke1 fu\u0308r kr\u00e4ftigeres, voller aussehendes Haar2, r\u00e4umt drei hartn\u00e4ckige Geru\u0308chte aus<\/p>\n\t\t<\/div>\n\t\t\n\t\t<a class=\"elementor-post__read-more\" href=\"http:\/\/www.deroesterreichischefriseur.at\/?p=1947\" aria-label=\"Read more about NIOXIN &#8211; SHAMPOO GEGEN HAARAUSFALL\" tabindex=\"-1\" >\n\t\t\tRead More \u00bb\t\t<\/a>\n\n\t\t\t\t<\/div>\n\t\t\t\t<div class=\"elementor-post__meta-data\">\n\t\t\t\t\t<span class=\"elementor-post-date\">\n\t\t\t25. November 2024\t\t<\/span>\n\t\t\t\t<\/div>\n\t\t\t\t\t<\/div>\n\t\t<\/article>\n\t\t\t\t<article class=\"elementor-post elementor-grid-item post-1930 post type-post status-publish format-standard has-post-thumbnail hentry category-firmennews category-uncategorized\" role=\"listitem\">\n\t\t\t<div class=\"elementor-post__card\">\n\t\t\t\t<a class=\"elementor-post__thumbnail__link\" href=\"http:\/\/www.deroesterreichischefriseur.at\/?p=1930\" tabindex=\"-1\" ><div class=\"elementor-post__thumbnail\"><img decoding=\"async\" width=\"300\" height=\"226\" src=\"http:\/\/www.deroesterreichischefriseur.at\/wp-content\/uploads\/2024\/11\/CordlessBarberCombo-Back-300x226.png\" class=\"attachment-medium size-medium wp-image-1932\" alt=\"\" srcset=\"http:\/\/www.deroesterreichischefriseur.at\/wp-content\/uploads\/2024\/11\/CordlessBarberCombo-Back-300x226.png 300w, http:\/\/www.deroesterreichischefriseur.at\/wp-content\/uploads\/2024\/11\/CordlessBarberCombo-Back-1024x771.png 1024w, http:\/\/www.deroesterreichischefriseur.at\/wp-content\/uploads\/2024\/11\/CordlessBarberCombo-Back-768x579.png 768w, http:\/\/www.deroesterreichischefriseur.at\/wp-content\/uploads\/2024\/11\/CordlessBarberCombo-Back-1536x1157.png 1536w, http:\/\/www.deroesterreichischefriseur.at\/wp-content\/uploads\/2024\/11\/CordlessBarberCombo-Back.png 1760w\" sizes=\"(max-width: 300px) 100vw, 300px\" \/><\/div><\/a>\n\t\t\t\t<div class=\"elementor-post__badge\">Firmennews<\/div>\n\t\t\t\t<div class=\"elementor-post__text\">\n\t\t\t\t<h3 class=\"elementor-post__title\">\n\t\t\t<a href=\"http:\/\/www.deroesterreichischefriseur.at\/?p=1930\" >\n\t\t\t\tCordless Barber Combo \u2013 Die neue Limited Edition von WAHL Professional\u00a0\t\t\t<\/a>\n\t\t<\/h3>\n\t\t\t\t<div class=\"elementor-post__excerpt\">\n\t\t\t<p>Mit der Cordless Barber Combo pr\u00e4sentiert WAHL eine exklusive Limited Edition, die mit technischen Upgrades, h\u00f6chster Performance und einem edlen Schwarz-Gold-Design begeistert. Das Set, bestehend aus dem beliebten 5 Star Cordless Magic Clip\u00ae und dem Cordless Detailer\u00ae Li, \u00fcberzeugt mit<\/p>\n\t\t<\/div>\n\t\t\n\t\t<a class=\"elementor-post__read-more\" href=\"http:\/\/www.deroesterreichischefriseur.at\/?p=1930\" aria-label=\"Read more about Cordless Barber Combo \u2013 Die neue Limited Edition von WAHL Professional\u00a0\" tabindex=\"-1\" >\n\t\t\tRead More \u00bb\t\t<\/a>\n\n\t\t\t\t<\/div>\n\t\t\t\t<div class=\"elementor-post__meta-data\">\n\t\t\t\t\t<span class=\"elementor-post-date\">\n\t\t\t24. November 2024\t\t<\/span>\n\t\t\t\t<\/div>\n\t\t\t\t\t<\/div>\n\t\t<\/article>\n\t\t\t\t<article class=\"elementor-post elementor-grid-item post-1479 post type-post status-publish format-standard has-post-thumbnail hentry category-firmennews category-uncategorized\" role=\"listitem\">\n\t\t\t<div class=\"elementor-post__card\">\n\t\t\t\t<a class=\"elementor-post__thumbnail__link\" href=\"http:\/\/www.deroesterreichischefriseur.at\/?p=1479\" tabindex=\"-1\" ><div class=\"elementor-post__thumbnail\"><img loading=\"lazy\" decoding=\"async\" width=\"225\" height=\"300\" src=\"http:\/\/www.deroesterreichischefriseur.at\/wp-content\/uploads\/2024\/02\/Gruppenbild_Paul-Mitchell-AT-und-Noogie-225x300.jpeg\" class=\"attachment-medium size-medium wp-image-1481\" alt=\"\" srcset=\"http:\/\/www.deroesterreichischefriseur.at\/wp-content\/uploads\/2024\/02\/Gruppenbild_Paul-Mitchell-AT-und-Noogie-225x300.jpeg 225w, http:\/\/www.deroesterreichischefriseur.at\/wp-content\/uploads\/2024\/02\/Gruppenbild_Paul-Mitchell-AT-und-Noogie.jpeg 768w\" sizes=\"(max-width: 225px) 100vw, 225px\" \/><\/div><\/a>\n\t\t\t\t<div class=\"elementor-post__badge\">Firmennews<\/div>\n\t\t\t\t<div class=\"elementor-post__text\">\n\t\t\t\t<h3 class=\"elementor-post__title\">\n\t\t\t<a href=\"http:\/\/www.deroesterreichischefriseur.at\/?p=1479\" >\n\t\t\t\tPaul Mitchell\u00ae\u00a0presents mit Noogie Thai: US-Stylist bringt glamour\u00f6ses Hollywood Hair nach Wien\t\t\t<\/a>\n\t\t<\/h3>\n\t\t\t\t<div class=\"elementor-post__excerpt\">\n\t\t\t<p>Netzwerken, Lernen, Spa\u00df haben \u2013 das war die Devise, als US-Stargast Noogie Thai die \u00f6sterreichischen Friseure besuchte. Bevor er seine Reise nach Deutschland antrat, war der mehrfache Daytime-Emmy-Gewinner und Editorial Director von Paul Mitchell\u00ae f\u00fcr ein Wochenende in Wien. \u201eNetworking<\/p>\n\t\t<\/div>\n\t\t\n\t\t<a class=\"elementor-post__read-more\" href=\"http:\/\/www.deroesterreichischefriseur.at\/?p=1479\" aria-label=\"Read more about Paul Mitchell\u00ae\u00a0presents mit Noogie Thai: US-Stylist bringt glamour\u00f6ses Hollywood Hair nach Wien\" tabindex=\"-1\" >\n\t\t\tRead More \u00bb\t\t<\/a>\n\n\t\t\t\t<\/div>\n\t\t\t\t<div class=\"elementor-post__meta-data\">\n\t\t\t\t\t<span class=\"elementor-post-date\">\n\t\t\t2. Mai 2024\t\t<\/span>\n\t\t\t\t<\/div>\n\t\t\t\t\t<\/div>\n\t\t<\/article>\n\t\t\t\t<article class=\"elementor-post elementor-grid-item post-1539 post type-post status-publish format-standard has-post-thumbnail hentry category-firmennews category-uncategorized\" role=\"listitem\">\n\t\t\t<div class=\"elementor-post__card\">\n\t\t\t\t<a class=\"elementor-post__thumbnail__link\" href=\"http:\/\/www.deroesterreichischefriseur.at\/?p=1539\" tabindex=\"-1\" ><div class=\"elementor-post__thumbnail\"><img loading=\"lazy\" decoding=\"async\" width=\"119\" height=\"300\" src=\"http:\/\/www.deroesterreichischefriseur.at\/wp-content\/uploads\/2024\/02\/Redken-2020-Acidic-Bonding-Concentrate-Shampoo-RGB-1-119x300.png\" class=\"attachment-medium size-medium wp-image-1545\" alt=\"\" srcset=\"http:\/\/www.deroesterreichischefriseur.at\/wp-content\/uploads\/2024\/02\/Redken-2020-Acidic-Bonding-Concentrate-Shampoo-RGB-1-119x300.png 119w, http:\/\/www.deroesterreichischefriseur.at\/wp-content\/uploads\/2024\/02\/Redken-2020-Acidic-Bonding-Concentrate-Shampoo-RGB-1-407x1024.png 407w, http:\/\/www.deroesterreichischefriseur.at\/wp-content\/uploads\/2024\/02\/Redken-2020-Acidic-Bonding-Concentrate-Shampoo-RGB-1-768x1931.png 768w, http:\/\/www.deroesterreichischefriseur.at\/wp-content\/uploads\/2024\/02\/Redken-2020-Acidic-Bonding-Concentrate-Shampoo-RGB-1-611x1536.png 611w, http:\/\/www.deroesterreichischefriseur.at\/wp-content\/uploads\/2024\/02\/Redken-2020-Acidic-Bonding-Concentrate-Shampoo-RGB-1-814x2048.png 814w\" sizes=\"(max-width: 119px) 100vw, 119px\" \/><\/div><\/a>\n\t\t\t\t<div class=\"elementor-post__badge\">Firmennews<\/div>\n\t\t\t\t<div class=\"elementor-post__text\">\n\t\t\t\t<h3 class=\"elementor-post__title\">\n\t\t\t<a href=\"http:\/\/www.deroesterreichischefriseur.at\/?p=1539\" >\n\t\t\t\tA star is born: Der Protein Gloss Service von REDKEN\t\t\t<\/a>\n\t\t<\/h3>\n\t\t\t\t<div class=\"elementor-post__excerpt\">\n\t\t\t<p>Gest\u00e4rktes, gepflegtes Haar mit strahlender Farbkraft \u2013 und das in nur einem Termin? Kein Problem mit dem neuen Star-Service Protein Gloss von REDKEN. Der Protein Gloss Service kombiniert die beiden Geheimwaffen der professionellen Haarpflege-Marke: Shades EQ Gloss Bonder Inside &amp;<\/p>\n\t\t<\/div>\n\t\t\n\t\t<a class=\"elementor-post__read-more\" href=\"http:\/\/www.deroesterreichischefriseur.at\/?p=1539\" aria-label=\"Read more about A star is born: Der Protein Gloss Service von REDKEN\" tabindex=\"-1\" >\n\t\t\tRead More \u00bb\t\t<\/a>\n\n\t\t\t\t<\/div>\n\t\t\t\t<div class=\"elementor-post__meta-data\">\n\t\t\t\t\t<span class=\"elementor-post-date\">\n\t\t\t4. M\u00e4rz 2024\t\t<\/span>\n\t\t\t\t<\/div>\n\t\t\t\t\t<\/div>\n\t\t<\/article>\n\t\t\t\t<article class=\"elementor-post elementor-grid-item post-1490 post type-post status-publish format-standard has-post-thumbnail hentry category-firmennews category-uncategorized\" role=\"listitem\">\n\t\t\t<div class=\"elementor-post__card\">\n\t\t\t\t<a class=\"elementor-post__thumbnail__link\" href=\"http:\/\/www.deroesterreichischefriseur.at\/?p=1490\" tabindex=\"-1\" ><div class=\"elementor-post__thumbnail\"><img loading=\"lazy\" decoding=\"async\" width=\"300\" height=\"200\" src=\"http:\/\/www.deroesterreichischefriseur.at\/wp-content\/uploads\/2024\/02\/23_PM_CB_CP_Artistic_Group_1_RGB-2400x2400-1-300x200.png\" class=\"attachment-medium size-medium wp-image-1492\" alt=\"\" srcset=\"http:\/\/www.deroesterreichischefriseur.at\/wp-content\/uploads\/2024\/02\/23_PM_CB_CP_Artistic_Group_1_RGB-2400x2400-1-300x200.png 300w, http:\/\/www.deroesterreichischefriseur.at\/wp-content\/uploads\/2024\/02\/23_PM_CB_CP_Artistic_Group_1_RGB-2400x2400-1-1024x682.png 1024w, http:\/\/www.deroesterreichischefriseur.at\/wp-content\/uploads\/2024\/02\/23_PM_CB_CP_Artistic_Group_1_RGB-2400x2400-1-768x512.png 768w, http:\/\/www.deroesterreichischefriseur.at\/wp-content\/uploads\/2024\/02\/23_PM_CB_CP_Artistic_Group_1_RGB-2400x2400-1-150x100.png 150w, http:\/\/www.deroesterreichischefriseur.at\/wp-content\/uploads\/2024\/02\/23_PM_CB_CP_Artistic_Group_1_RGB-2400x2400-1.png 1280w\" sizes=\"(max-width: 300px) 100vw, 300px\" \/><\/div><\/a>\n\t\t\t\t<div class=\"elementor-post__badge\">Firmennews<\/div>\n\t\t\t\t<div class=\"elementor-post__text\">\n\t\t\t\t<h3 class=\"elementor-post__title\">\n\t\t\t<a href=\"http:\/\/www.deroesterreichischefriseur.at\/?p=1490\" >\n\t\t\t\tPaul Mitchell\u00ae Clean Beauty Color Protect: Brillanz und Farbauffrischung f\u00fcr gef\u00e4rbtes Haar\t\t\t<\/a>\n\t\t<\/h3>\n\t\t\t\t<div class=\"elementor-post__excerpt\">\n\t\t\t<p>Frisch vom Friseur strahlt und gl\u00e4nzt die neue Haarfarbe. Damit das auch lange so bleibt, gibt es die nachhaltige Haarpflege Paul Mitchell\u00ae Clean Beauty Color Protect. Die Rezeptur mit \u201eAnti-Fade-Effekt\u201c reduziert das Verblassen der Haarfarbe dank stark antioxidativem Granatapfelextrakt und<\/p>\n\t\t<\/div>\n\t\t\n\t\t<a class=\"elementor-post__read-more\" href=\"http:\/\/www.deroesterreichischefriseur.at\/?p=1490\" aria-label=\"Read more about Paul Mitchell\u00ae Clean Beauty Color Protect: Brillanz und Farbauffrischung f\u00fcr gef\u00e4rbtes Haar\" tabindex=\"-1\" >\n\t\t\tRead More \u00bb\t\t<\/a>\n\n\t\t\t\t<\/div>\n\t\t\t\t<div class=\"elementor-post__meta-data\">\n\t\t\t\t\t<span class=\"elementor-post-date\">\n\t\t\t2. M\u00e4rz 2024\t\t<\/span>\n\t\t\t\t<\/div>\n\t\t\t\t\t<\/div>\n\t\t<\/article>\n\t\t\t\t<\/div>\n\t\t\n\t\t\t\t\t\t<\/div>\n\t\t\t\t<\/div>\n\t\t\t\t\t<\/div>\n\t\t<\/div>\n\t\t\t\t\t<\/div>\n\t\t<\/section>\n\t\t\t\t<\/div>\n\t\t","protected":false},"excerpt":{"rendered":"","protected":false},"author":1,"featured_media":0,"parent":29,"menu_order":0,"comment_status":"closed","ping_status":"closed","template":"","meta":{"footnotes":""},"class_list":["post-40","page","type-page","status-publish","hentry"],"_links":{"self":[{"href":"http:\/\/www.deroesterreichischefriseur.at\/index.php?rest_route=\/wp\/v2\/pages\/40","targetHints":{"allow":["GET"]}}],"collection":[{"href":"http:\/\/www.deroesterreichischefriseur.at\/index.php?rest_route=\/wp\/v2\/pages"}],"about":[{"href":"http:\/\/www.deroesterreichischefriseur.at\/index.php?rest_route=\/wp\/v2\/types\/page"}],"author":[{"embeddable":true,"href":"http:\/\/www.deroesterreichischefriseur.at\/index.php?rest_route=\/wp\/v2\/users\/1"}],"replies":[{"embeddable":true,"href":"http:\/\/www.deroesterreichischefriseur.at\/index.php?rest_route=%2Fwp%2Fv2%2Fcomments&post=40"}],"version-history":[{"count":52,"href":"http:\/\/www.deroesterreichischefriseur.at\/index.php?rest_route=\/wp\/v2\/pages\/40\/revisions"}],"predecessor-version":[{"id":831,"href":"http:\/\/www.deroesterreichischefriseur.at\/index.php?rest_route=\/wp\/v2\/pages\/40\/revisions\/831"}],"up":[{"embeddable":true,"href":"http:\/\/www.deroesterreichischefriseur.at\/index.php?rest_route=\/wp\/v2\/pages\/29"}],"wp:attachment":[{"href":"http:\/\/www.deroesterreichischefriseur.at\/index.php?rest_route=%2Fwp%2Fv2%2Fmedia&parent=40"}],"curies":[{"name":"wp","href":"https:\/\/api.w.org\/{rel}","templated":true}]}}