{"id":33,"date":"2022-08-29T09:34:11","date_gmt":"2022-08-29T11:34:11","guid":{"rendered":"http:\/\/212.236.20.45\/?page_id=33"},"modified":"2023-10-16T18:59:21","modified_gmt":"2023-10-16T16:59:21","slug":"event","status":"publish","type":"page","link":"http:\/\/www.deroesterreichischefriseur.at\/?page_id=33","title":{"rendered":"Event"},"content":{"rendered":"\t\t<div data-elementor-type=\"wp-page\" data-elementor-id=\"33\" class=\"elementor elementor-33\" data-elementor-post-type=\"page\">\n\t\t\t\t<div class=\"elementor-element elementor-element-1a792ce e-flex e-con-boxed e-con e-parent\" data-id=\"1a792ce\" data-element_type=\"container\" data-e-type=\"container\">\n\t\t\t\t\t<div class=\"e-con-inner\">\n\t\t\t\t<div class=\"elementor-element elementor-element-7647f9c elementor-grid-3 elementor-grid-tablet-2 elementor-grid-mobile-1 elementor-posts--thumbnail-top elementor-posts--show-avatar elementor-card-shadow-yes elementor-posts__hover-gradient elementor-widget elementor-widget-posts\" data-id=\"7647f9c\" data-element_type=\"widget\" data-e-type=\"widget\" data-settings=\"{&quot;cards_columns&quot;:&quot;3&quot;,&quot;cards_columns_tablet&quot;:&quot;2&quot;,&quot;cards_columns_mobile&quot;:&quot;1&quot;,&quot;cards_row_gap&quot;:{&quot;unit&quot;:&quot;px&quot;,&quot;size&quot;:35,&quot;sizes&quot;:[]},&quot;cards_row_gap_tablet&quot;:{&quot;unit&quot;:&quot;px&quot;,&quot;size&quot;:&quot;&quot;,&quot;sizes&quot;:[]},&quot;cards_row_gap_mobile&quot;:{&quot;unit&quot;:&quot;px&quot;,&quot;size&quot;:&quot;&quot;,&quot;sizes&quot;:[]}}\" data-widget_type=\"posts.cards\">\n\t\t\t\t<div class=\"elementor-widget-container\">\n\t\t\t\t\t\t\t<div class=\"elementor-posts-container elementor-posts elementor-posts--skin-cards elementor-grid\" role=\"list\">\n\t\t\t\t<article class=\"elementor-post elementor-grid-item post-2506 post type-post status-publish format-standard has-post-thumbnail hentry category-event\" role=\"listitem\">\n\t\t\t<div class=\"elementor-post__card\">\n\t\t\t\t<a class=\"elementor-post__thumbnail__link\" href=\"http:\/\/www.deroesterreichischefriseur.at\/?p=2506\" tabindex=\"-1\" ><div class=\"elementor-post__thumbnail\"><img fetchpriority=\"high\" decoding=\"async\" width=\"300\" height=\"245\" src=\"http:\/\/www.deroesterreichischefriseur.at\/wp-content\/uploads\/2026\/02\/neujahrsempfang001b-300x245.jpg\" class=\"attachment-medium size-medium wp-image-2589\" alt=\"\" srcset=\"http:\/\/www.deroesterreichischefriseur.at\/wp-content\/uploads\/2026\/02\/neujahrsempfang001b-300x245.jpg 300w, http:\/\/www.deroesterreichischefriseur.at\/wp-content\/uploads\/2026\/02\/neujahrsempfang001b-1024x837.jpg 1024w, http:\/\/www.deroesterreichischefriseur.at\/wp-content\/uploads\/2026\/02\/neujahrsempfang001b-768x628.jpg 768w, http:\/\/www.deroesterreichischefriseur.at\/wp-content\/uploads\/2026\/02\/neujahrsempfang001b-1536x1256.jpg 1536w, http:\/\/www.deroesterreichischefriseur.at\/wp-content\/uploads\/2026\/02\/neujahrsempfang001b.jpg 1772w\" sizes=\"(max-width: 300px) 100vw, 300px\" \/><\/div><\/a>\n\t\t\t\t<div class=\"elementor-post__badge\">Event<\/div>\n\t\t\t\t<div class=\"elementor-post__avatar\">\n\t\t\t<img alt='gregor' src='https:\/\/secure.gravatar.com\/avatar\/239015d857828ad8713e3f7728fae6e4dc135518e9033dc82ee875558b57f417?s=128&#038;d=mm&#038;r=g' srcset='https:\/\/secure.gravatar.com\/avatar\/239015d857828ad8713e3f7728fae6e4dc135518e9033dc82ee875558b57f417?s=256&#038;d=mm&#038;r=g 2x' class='avatar avatar-128 photo' height='128' width='128' \/>\t\t<\/div>\n\t\t\t\t<div class=\"elementor-post__text\">\n\t\t\t\t<h3 class=\"elementor-post__title\">\n\t\t\t<a href=\"http:\/\/www.deroesterreichischefriseur.at\/?p=2506\" >\n\t\t\t\tNEUJAHRSEMPFANG der Landesinnung Wien mit Mitgliederehrung\t\t\t<\/a>\n\t\t<\/h3>\n\t\t\t\t<div class=\"elementor-post__excerpt\">\n\t\t\t<p>Der traditionelle Neujahrsempfang der Wiener Landesinnung der Friseure fand heuer am 26. J\u00e4nner 2026 im mediterranen Flair im Terra Rossa am Fu\u00dfe des Wilhelminenbergs statt. Im besonderen Ambiente inmitten terracottafarbene W\u00e4nde freute sich Landesinnungsmeisterin G\u00fclten Karag\u00f6z, dass so viele Fachgruppenmitglieder<\/p>\n\t\t<\/div>\n\t\t\n\t\t<a class=\"elementor-post__read-more\" href=\"http:\/\/www.deroesterreichischefriseur.at\/?p=2506\" aria-label=\"Read more about NEUJAHRSEMPFANG der Landesinnung Wien mit Mitgliederehrung\" tabindex=\"-1\" >\n\t\t\tRead More \u00bb\t\t<\/a>\n\n\t\t\t\t<\/div>\n\t\t\t\t<div class=\"elementor-post__meta-data\">\n\t\t\t\t\t<span class=\"elementor-post-date\">\n\t\t\t15. Feber 2026\t\t<\/span>\n\t\t\t\t<\/div>\n\t\t\t\t\t<\/div>\n\t\t<\/article>\n\t\t\t\t<article class=\"elementor-post elementor-grid-item post-2455 post type-post status-publish format-standard has-post-thumbnail hentry category-event\" role=\"listitem\">\n\t\t\t<div class=\"elementor-post__card\">\n\t\t\t\t<a class=\"elementor-post__thumbnail__link\" href=\"http:\/\/www.deroesterreichischefriseur.at\/?p=2455\" tabindex=\"-1\" ><div class=\"elementor-post__thumbnail\"><img decoding=\"async\" width=\"300\" height=\"193\" src=\"http:\/\/www.deroesterreichischefriseur.at\/wp-content\/uploads\/2025\/10\/Hairrun2025_04-300x193.jpg\" class=\"attachment-medium size-medium wp-image-2474\" alt=\"\" srcset=\"http:\/\/www.deroesterreichischefriseur.at\/wp-content\/uploads\/2025\/10\/Hairrun2025_04-300x193.jpg 300w, http:\/\/www.deroesterreichischefriseur.at\/wp-content\/uploads\/2025\/10\/Hairrun2025_04-1024x659.jpg 1024w, http:\/\/www.deroesterreichischefriseur.at\/wp-content\/uploads\/2025\/10\/Hairrun2025_04-768x495.jpg 768w, http:\/\/www.deroesterreichischefriseur.at\/wp-content\/uploads\/2025\/10\/Hairrun2025_04-1536x989.jpg 1536w, http:\/\/www.deroesterreichischefriseur.at\/wp-content\/uploads\/2025\/10\/Hairrun2025_04-2048x1319.jpg 2048w\" sizes=\"(max-width: 300px) 100vw, 300px\" \/><\/div><\/a>\n\t\t\t\t<div class=\"elementor-post__badge\">Event<\/div>\n\t\t\t\t<div class=\"elementor-post__avatar\">\n\t\t\t<img alt='gregor' src='https:\/\/secure.gravatar.com\/avatar\/239015d857828ad8713e3f7728fae6e4dc135518e9033dc82ee875558b57f417?s=128&#038;d=mm&#038;r=g' srcset='https:\/\/secure.gravatar.com\/avatar\/239015d857828ad8713e3f7728fae6e4dc135518e9033dc82ee875558b57f417?s=256&#038;d=mm&#038;r=g 2x' class='avatar avatar-128 photo' height='128' width='128' \/>\t\t<\/div>\n\t\t\t\t<div class=\"elementor-post__text\">\n\t\t\t\t<h3 class=\"elementor-post__title\">\n\t\t\t<a href=\"http:\/\/www.deroesterreichischefriseur.at\/?p=2455\" >\n\t\t\t\tHAIR.RUN! Erste Bank Vienna Night Run 2025 \u2013  Laufen f\u00fcr den guten Zweck\t\t\t<\/a>\n\t\t<\/h3>\n\t\t\t\t<div class=\"elementor-post__excerpt\">\n\t\t\t<p>\u00dcber 60 Friseur:innen und Vertreter:innen der Industrie machten den Night Run zum Hair Run. Die Teilnehmer:innen bewiesen, dass sie nicht nur mit Schere und Farbe, sondern auch auf der Laufstrecke Tempo machen k\u00f6nnen. Mit voller Energie lief die Friseur-Community organisiert<\/p>\n\t\t<\/div>\n\t\t\n\t\t<a class=\"elementor-post__read-more\" href=\"http:\/\/www.deroesterreichischefriseur.at\/?p=2455\" aria-label=\"Read more about HAIR.RUN! Erste Bank Vienna Night Run 2025 \u2013  Laufen f\u00fcr den guten Zweck\" tabindex=\"-1\" >\n\t\t\tRead More \u00bb\t\t<\/a>\n\n\t\t\t\t<\/div>\n\t\t\t\t<div class=\"elementor-post__meta-data\">\n\t\t\t\t\t<span class=\"elementor-post-date\">\n\t\t\t25. Oktober 2025\t\t<\/span>\n\t\t\t\t<\/div>\n\t\t\t\t\t<\/div>\n\t\t<\/article>\n\t\t\t\t<article class=\"elementor-post elementor-grid-item post-2428 post type-post status-publish format-standard has-post-thumbnail hentry category-event\" role=\"listitem\">\n\t\t\t<div class=\"elementor-post__card\">\n\t\t\t\t<a class=\"elementor-post__thumbnail__link\" href=\"http:\/\/www.deroesterreichischefriseur.at\/?p=2428\" tabindex=\"-1\" ><div class=\"elementor-post__thumbnail\"><img decoding=\"async\" width=\"300\" height=\"200\" src=\"http:\/\/www.deroesterreichischefriseur.at\/wp-content\/uploads\/2025\/10\/GW_CS_2025_0001-300x200.jpg\" class=\"attachment-medium size-medium wp-image-2435\" alt=\"\" srcset=\"http:\/\/www.deroesterreichischefriseur.at\/wp-content\/uploads\/2025\/10\/GW_CS_2025_0001-300x200.jpg 300w, http:\/\/www.deroesterreichischefriseur.at\/wp-content\/uploads\/2025\/10\/GW_CS_2025_0001-1024x683.jpg 1024w, http:\/\/www.deroesterreichischefriseur.at\/wp-content\/uploads\/2025\/10\/GW_CS_2025_0001-768x512.jpg 768w, http:\/\/www.deroesterreichischefriseur.at\/wp-content\/uploads\/2025\/10\/GW_CS_2025_0001-1536x1025.jpg 1536w\" sizes=\"(max-width: 300px) 100vw, 300px\" \/><\/div><\/a>\n\t\t\t\t<div class=\"elementor-post__badge\">Event<\/div>\n\t\t\t\t<div class=\"elementor-post__avatar\">\n\t\t\t<img alt='gregor' src='https:\/\/secure.gravatar.com\/avatar\/239015d857828ad8713e3f7728fae6e4dc135518e9033dc82ee875558b57f417?s=128&#038;d=mm&#038;r=g' srcset='https:\/\/secure.gravatar.com\/avatar\/239015d857828ad8713e3f7728fae6e4dc135518e9033dc82ee875558b57f417?s=256&#038;d=mm&#038;r=g 2x' class='avatar avatar-128 photo' height='128' width='128' \/>\t\t<\/div>\n\t\t\t\t<div class=\"elementor-post__text\">\n\t\t\t\t<h3 class=\"elementor-post__title\">\n\t\t\t<a href=\"http:\/\/www.deroesterreichischefriseur.at\/?p=2428\" >\n\t\t\t\tGoldwell ColorSphere Event l\u00e4sst Mailand strahlen\t\t\t<\/a>\n\t\t<\/h3>\n\t\t\t\t<div class=\"elementor-post__excerpt\">\n\t\t\t<p>Am 14. und 15. September verwandelte sich Mailand in ein pulsierendes Zentrum voller Kreativit\u00e4t und Leidenschaft f\u00fcr Stylist:innen aus aller Welt, die f\u00fcr das ColorSphere Event angereist waren, um Goldwells internationale Color-Community zu feiern. Mehr als 1.200 \u00a0Colorist:innen, Salon-Profis und<\/p>\n\t\t<\/div>\n\t\t\n\t\t<a class=\"elementor-post__read-more\" href=\"http:\/\/www.deroesterreichischefriseur.at\/?p=2428\" aria-label=\"Read more about Goldwell ColorSphere Event l\u00e4sst Mailand strahlen\" tabindex=\"-1\" >\n\t\t\tRead More \u00bb\t\t<\/a>\n\n\t\t\t\t<\/div>\n\t\t\t\t<div class=\"elementor-post__meta-data\">\n\t\t\t\t\t<span class=\"elementor-post-date\">\n\t\t\t25. Oktober 2025\t\t<\/span>\n\t\t\t\t<\/div>\n\t\t\t\t\t<\/div>\n\t\t<\/article>\n\t\t\t\t<article class=\"elementor-post elementor-grid-item post-2397 post type-post status-publish format-standard has-post-thumbnail hentry category-event\" role=\"listitem\">\n\t\t\t<div class=\"elementor-post__card\">\n\t\t\t\t<a class=\"elementor-post__thumbnail__link\" href=\"http:\/\/www.deroesterreichischefriseur.at\/?p=2397\" tabindex=\"-1\" ><div class=\"elementor-post__thumbnail\"><img loading=\"lazy\" decoding=\"async\" width=\"300\" height=\"222\" src=\"http:\/\/www.deroesterreichischefriseur.at\/wp-content\/uploads\/2025\/05\/LLWBW-Wien-2025_22-300x222.jpg\" class=\"attachment-medium size-medium wp-image-2352\" alt=\"\" srcset=\"http:\/\/www.deroesterreichischefriseur.at\/wp-content\/uploads\/2025\/05\/LLWBW-Wien-2025_22-300x222.jpg 300w, http:\/\/www.deroesterreichischefriseur.at\/wp-content\/uploads\/2025\/05\/LLWBW-Wien-2025_22-1024x757.jpg 1024w, http:\/\/www.deroesterreichischefriseur.at\/wp-content\/uploads\/2025\/05\/LLWBW-Wien-2025_22-768x568.jpg 768w, http:\/\/www.deroesterreichischefriseur.at\/wp-content\/uploads\/2025\/05\/LLWBW-Wien-2025_22-1536x1136.jpg 1536w, http:\/\/www.deroesterreichischefriseur.at\/wp-content\/uploads\/2025\/05\/LLWBW-Wien-2025_22.jpg 1920w\" sizes=\"(max-width: 300px) 100vw, 300px\" \/><\/div><\/a>\n\t\t\t\t<div class=\"elementor-post__badge\">Event<\/div>\n\t\t\t\t<div class=\"elementor-post__avatar\">\n\t\t\t<img alt='gregor' src='https:\/\/secure.gravatar.com\/avatar\/239015d857828ad8713e3f7728fae6e4dc135518e9033dc82ee875558b57f417?s=128&#038;d=mm&#038;r=g' srcset='https:\/\/secure.gravatar.com\/avatar\/239015d857828ad8713e3f7728fae6e4dc135518e9033dc82ee875558b57f417?s=256&#038;d=mm&#038;r=g 2x' class='avatar avatar-128 photo' height='128' width='128' \/>\t\t<\/div>\n\t\t\t\t<div class=\"elementor-post__text\">\n\t\t\t\t<h3 class=\"elementor-post__title\">\n\t\t\t<a href=\"http:\/\/www.deroesterreichischefriseur.at\/?p=2397\" >\n\t\t\t\tLandeslehrligswettbewerb Wien 2025\t\t\t<\/a>\n\t\t<\/h3>\n\t\t\t\t<div class=\"elementor-post__excerpt\">\n\t\t\t<p>Landeslehrlingswettbewerb Wien &#8211; 2025 &#8211; ein Tag voller Leidenschaft, Pr\u00e4zision und Kreativit\u00e4t.\u00a0 Am 10. Mai verwandelte sich das Riverside Wien in eine B\u00fchne f\u00fcr die besten Nachwuchstalente der Friseurbranche. Mit beeindruckenden Stylings, innovativen Techniken und einem starken Teamgeist zeigten die<\/p>\n\t\t<\/div>\n\t\t\n\t\t<a class=\"elementor-post__read-more\" href=\"http:\/\/www.deroesterreichischefriseur.at\/?p=2397\" aria-label=\"Read more about Landeslehrligswettbewerb Wien 2025\" tabindex=\"-1\" >\n\t\t\tRead More \u00bb\t\t<\/a>\n\n\t\t\t\t<\/div>\n\t\t\t\t<div class=\"elementor-post__meta-data\">\n\t\t\t\t\t<span class=\"elementor-post-date\">\n\t\t\t12. Mai 2025\t\t<\/span>\n\t\t\t\t<\/div>\n\t\t\t\t\t<\/div>\n\t\t<\/article>\n\t\t\t\t<article class=\"elementor-post elementor-grid-item post-2286 post type-post status-publish format-standard has-post-thumbnail hentry category-event\" role=\"listitem\">\n\t\t\t<div class=\"elementor-post__card\">\n\t\t\t\t<a class=\"elementor-post__thumbnail__link\" href=\"http:\/\/www.deroesterreichischefriseur.at\/?p=2286\" tabindex=\"-1\" ><div class=\"elementor-post__thumbnail\"><img loading=\"lazy\" decoding=\"async\" width=\"300\" height=\"169\" src=\"http:\/\/www.deroesterreichischefriseur.at\/wp-content\/uploads\/2025\/03\/850_6709-300x169.jpg\" class=\"attachment-medium size-medium wp-image-2275\" alt=\"\" srcset=\"http:\/\/www.deroesterreichischefriseur.at\/wp-content\/uploads\/2025\/03\/850_6709-300x169.jpg 300w, http:\/\/www.deroesterreichischefriseur.at\/wp-content\/uploads\/2025\/03\/850_6709-1024x576.jpg 1024w, http:\/\/www.deroesterreichischefriseur.at\/wp-content\/uploads\/2025\/03\/850_6709-768x432.jpg 768w, http:\/\/www.deroesterreichischefriseur.at\/wp-content\/uploads\/2025\/03\/850_6709.jpg 1080w\" sizes=\"(max-width: 300px) 100vw, 300px\" \/><\/div><\/a>\n\t\t\t\t<div class=\"elementor-post__badge\">Event<\/div>\n\t\t\t\t<div class=\"elementor-post__avatar\">\n\t\t\t<img alt='gregor' src='https:\/\/secure.gravatar.com\/avatar\/239015d857828ad8713e3f7728fae6e4dc135518e9033dc82ee875558b57f417?s=128&#038;d=mm&#038;r=g' srcset='https:\/\/secure.gravatar.com\/avatar\/239015d857828ad8713e3f7728fae6e4dc135518e9033dc82ee875558b57f417?s=256&#038;d=mm&#038;r=g 2x' class='avatar avatar-128 photo' height='128' width='128' \/>\t\t<\/div>\n\t\t\t\t<div class=\"elementor-post__text\">\n\t\t\t\t<h3 class=\"elementor-post__title\">\n\t\t\t<a href=\"http:\/\/www.deroesterreichischefriseur.at\/?p=2286\" >\n\t\t\t\t4. Ballnacht der Friseure: Ein glamour\u00f6ses Fest der Kreativit\u00e4t und Handwerkskunst\t\t\t<\/a>\n\t\t<\/h3>\n\t\t\t\t<div class=\"elementor-post__excerpt\">\n\t\t\t<p>Ein Hauch von Glamour und ein spr\u00fchendes Feuerwerk aus Tanz, Stil und eleganten Frisuren \u2013 die 4. Ballnacht der Friseure zog am gestrigen Abend rund 1.500 G\u00e4ste in das prachtvolle Parkhotel Sch\u00f6nbrunn. Der Branchenball unter dem Motto \u201eShiny &#8211; Glanz<\/p>\n\t\t<\/div>\n\t\t\n\t\t<a class=\"elementor-post__read-more\" href=\"http:\/\/www.deroesterreichischefriseur.at\/?p=2286\" aria-label=\"Read more about 4. Ballnacht der Friseure: Ein glamour\u00f6ses Fest der Kreativit\u00e4t und Handwerkskunst\" tabindex=\"-1\" >\n\t\t\tRead More \u00bb\t\t<\/a>\n\n\t\t\t\t<\/div>\n\t\t\t\t<div class=\"elementor-post__meta-data\">\n\t\t\t\t\t<span class=\"elementor-post-date\">\n\t\t\t2. M\u00e4rz 2025\t\t<\/span>\n\t\t\t\t<\/div>\n\t\t\t\t\t<\/div>\n\t\t<\/article>\n\t\t\t\t<article class=\"elementor-post elementor-grid-item post-2164 post type-post status-publish format-standard has-post-thumbnail hentry category-event\" role=\"listitem\">\n\t\t\t<div class=\"elementor-post__card\">\n\t\t\t\t<a class=\"elementor-post__thumbnail__link\" href=\"http:\/\/www.deroesterreichischefriseur.at\/?p=2164\" tabindex=\"-1\" ><div class=\"elementor-post__thumbnail\"><img loading=\"lazy\" decoding=\"async\" width=\"300\" height=\"193\" src=\"http:\/\/www.deroesterreichischefriseur.at\/wp-content\/uploads\/2025\/02\/850_6265-300x193.jpg\" class=\"attachment-medium size-medium wp-image-2166\" alt=\"\" srcset=\"http:\/\/www.deroesterreichischefriseur.at\/wp-content\/uploads\/2025\/02\/850_6265-300x193.jpg 300w, http:\/\/www.deroesterreichischefriseur.at\/wp-content\/uploads\/2025\/02\/850_6265-768x495.jpg 768w, http:\/\/www.deroesterreichischefriseur.at\/wp-content\/uploads\/2025\/02\/850_6265.jpg 1000w\" sizes=\"(max-width: 300px) 100vw, 300px\" \/><\/div><\/a>\n\t\t\t\t<div class=\"elementor-post__badge\">Event<\/div>\n\t\t\t\t<div class=\"elementor-post__avatar\">\n\t\t\t<img alt='gregor' src='https:\/\/secure.gravatar.com\/avatar\/239015d857828ad8713e3f7728fae6e4dc135518e9033dc82ee875558b57f417?s=128&#038;d=mm&#038;r=g' srcset='https:\/\/secure.gravatar.com\/avatar\/239015d857828ad8713e3f7728fae6e4dc135518e9033dc82ee875558b57f417?s=256&#038;d=mm&#038;r=g 2x' class='avatar avatar-128 photo' height='128' width='128' \/>\t\t<\/div>\n\t\t\t\t<div class=\"elementor-post__text\">\n\t\t\t\t<h3 class=\"elementor-post__title\">\n\t\t\t<a href=\"http:\/\/www.deroesterreichischefriseur.at\/?p=2164\" >\n\t\t\t\t3. After Cut Party\t\t\t<\/a>\n\t\t<\/h3>\n\t\t\t\t<div class=\"elementor-post__excerpt\">\n\t\t\t<p>Das erfolgreiche After Cut der Friseure in Wien ging am 20. Februar 2025 in die dritte Runde.Auf Initiative von Muhammed Sarac (Salon Hair by Bruno Crew) sowie Sybille Grie\u00dfner und Tina Mayerhofer (Salon KS Next Generation) fand mit Unterst\u00fctzung der<\/p>\n\t\t<\/div>\n\t\t\n\t\t<a class=\"elementor-post__read-more\" href=\"http:\/\/www.deroesterreichischefriseur.at\/?p=2164\" aria-label=\"Read more about 3. After Cut Party\" tabindex=\"-1\" >\n\t\t\tRead More \u00bb\t\t<\/a>\n\n\t\t\t\t<\/div>\n\t\t\t\t<div class=\"elementor-post__meta-data\">\n\t\t\t\t\t<span class=\"elementor-post-date\">\n\t\t\t22. Feber 2025\t\t<\/span>\n\t\t\t\t<\/div>\n\t\t\t\t\t<\/div>\n\t\t<\/article>\n\t\t\t\t<\/div>\n\t\t\n\t\t\t\t\t\t<\/div>\n\t\t\t\t<\/div>\n\t\t\t\t\t<\/div>\n\t\t\t\t<\/div>\n\t\t\t\t<\/div>\n\t\t","protected":false},"excerpt":{"rendered":"","protected":false},"author":2,"featured_media":0,"parent":29,"menu_order":0,"comment_status":"closed","ping_status":"closed","template":"","meta":{"footnotes":""},"class_list":["post-33","page","type-page","status-publish","hentry"],"_links":{"self":[{"href":"http:\/\/www.deroesterreichischefriseur.at\/index.php?rest_route=\/wp\/v2\/pages\/33","targetHints":{"allow":["GET"]}}],"collection":[{"href":"http:\/\/www.deroesterreichischefriseur.at\/index.php?rest_route=\/wp\/v2\/pages"}],"about":[{"href":"http:\/\/www.deroesterreichischefriseur.at\/index.php?rest_route=\/wp\/v2\/types\/page"}],"author":[{"embeddable":true,"href":"http:\/\/www.deroesterreichischefriseur.at\/index.php?rest_route=\/wp\/v2\/users\/2"}],"replies":[{"embeddable":true,"href":"http:\/\/www.deroesterreichischefriseur.at\/index.php?rest_route=%2Fwp%2Fv2%2Fcomments&post=33"}],"version-history":[{"count":4,"href":"http:\/\/www.deroesterreichischefriseur.at\/index.php?rest_route=\/wp\/v2\/pages\/33\/revisions"}],"predecessor-version":[{"id":842,"href":"http:\/\/www.deroesterreichischefriseur.at\/index.php?rest_route=\/wp\/v2\/pages\/33\/revisions\/842"}],"up":[{"embeddable":true,"href":"http:\/\/www.deroesterreichischefriseur.at\/index.php?rest_route=\/wp\/v2\/pages\/29"}],"wp:attachment":[{"href":"http:\/\/www.deroesterreichischefriseur.at\/index.php?rest_route=%2Fwp%2Fv2%2Fmedia&parent=33"}],"curies":[{"name":"wp","href":"https:\/\/api.w.org\/{rel}","templated":true}]}}